{"id":918,"date":"2017-03-06T15:30:05","date_gmt":"2017-03-06T15:30:05","guid":{"rendered":"http:\/\/www.lanochedelloro.es\/?page_id=918"},"modified":"2022-08-12T16:43:39","modified_gmt":"2022-08-12T16:43:39","slug":"italia","status":"publish","type":"page","link":"https:\/\/www.lanochedelloro.es\/index.php\/italia\/","title":{"rendered":"ITALIA"},"content":{"rendered":"<p>CERDE\u00d1A<\/p>\n<ul>\n<li><a href=\"https:\/\/www.lanochedelloro.es\/wp-content\/uploads\/2022\/08\/1GoloritzeEasy.jpg\">Aguglia Goloritz\u00e9: Easy gymnopedie<\/a><\/li>\n<li><a href=\"https:\/\/www.lanochedelloro.es\/wp-content\/uploads\/2022\/08\/2BiddirisVita.jpg\">Biddiriscottai: La vita nuova<\/a><\/li>\n<li><a href=\"https:\/\/www.lanochedelloro.es\/wp-content\/uploads\/2022\/08\/3FigliaSweet.jpg\">Figlia di Guglia: Sweet Helen<\/a><\/li>\n<li><a href=\"https:\/\/www.lanochedelloro.es\/wp-content\/uploads\/2022\/08\/4OddeuAlfredo.jpg\">Monte Oddeu: Alfredo Alfredo (rese\u00f1a)<\/a>\u00a0 <a href=\"https:\/\/www.lanochedelloro.es\/wp-content\/uploads\/2022\/08\/5OddeuAlfredoFoto.jpg\">(foto)<\/a><\/li>\n<li><a href=\"https:\/\/www.lanochedelloro.es\/wp-content\/uploads\/2022\/08\/6OddeuSvizzera.jpg\">Monte Oddeu: La nostra Svizzera<\/a><\/li>\n<li><a href=\"https:\/\/www.lanochedelloro.es\/wp-content\/uploads\/2022\/08\/7LongaForesta.jpg\">Pedra Longa: Marinaio di foresta<\/a><\/li>\n<li><a href=\"https:\/\/www.lanochedelloro.es\/wp-content\/uploads\/2017\/04\/1cerdandreaSuroeste.png\">Punta Andrea: Arista suroeste<\/a><\/li>\n<li><a href=\"https:\/\/www.lanochedelloro.es\/wp-content\/uploads\/2022\/08\/8CarabideCumbre.jpg\">Punta Carabidda: Cumbre<\/a><\/li>\n<li><a href=\"https:\/\/www.lanochedelloro.es\/wp-content\/uploads\/2022\/08\/9CusidoreOmbra.jpg\">Punta Cusidore: L&#8217;ombra della mia mano (rese\u00f1a)<\/a>\u00a0 <a href=\"https:\/\/www.lanochedelloro.es\/wp-content\/uploads\/2022\/08\/10CusidoreOmbraFoto.jpg\">(foto)<\/a><\/li>\n<li><a href=\"https:\/\/www.lanochedelloro.es\/wp-content\/uploads\/2022\/08\/11GiradiliOld.jpg\">Punta Giradili: The old days<\/a><\/li>\n<li><a href=\"https:\/\/www.lanochedelloro.es\/wp-content\/uploads\/2022\/08\/12SurtanaHirsche.jpg\">Surtana: Hirsche platz (rese\u00f1a)<\/a>\u00a0 <a href=\"https:\/\/www.lanochedelloro.es\/wp-content\/uploads\/2022\/08\/13SurtanaHirscheFoto.jpg\">(foto)<\/a><\/li>\n<\/ul>\n<p>DOLOMITAS<\/p>\n<ul>\n<li><a href=\"https:\/\/www.lanochedelloro.es\/wp-content\/uploads\/2017\/04\/2dolocbassoNormal.png\">Campanile Basso: V\u00eda normal<\/a><\/li>\n<li><a href=\"https:\/\/www.lanochedelloro.es\/wp-content\/uploads\/2017\/04\/3doloireneDidatica.png\">Espalone Irene: Didatica<\/a><\/li>\n<li><a href=\"https:\/\/www.lanochedelloro.es\/wp-content\/uploads\/2017\/04\/4dologemelliMaffei.png\">I Gemelli: Maffei Violi<\/a><\/li>\n<\/ul>\n<p>FARA DI SAN MARTINO<\/p>\n<ul>\n<li><a href=\"https:\/\/www.lanochedelloro.es\/wp-content\/uploads\/2017\/04\/5martino1.png\">Gole di San Martino (I)<\/a><\/li>\n<li><a href=\"https:\/\/www.lanochedelloro.es\/wp-content\/uploads\/2017\/04\/6martino2.png\">Gole di San Martino (II)<\/a><\/li>\n<li><a href=\"https:\/\/www.lanochedelloro.es\/wp-content\/uploads\/2017\/04\/7martinoMapa.png\">Gole di San Martino (mapa)<\/a><\/li>\n<\/ul>\n<p>L\u2019AQUILA<\/p>\n<ul>\n<li><a href=\"https:\/\/www.lanochedelloro.es\/wp-content\/uploads\/2017\/04\/8aquicamarda.png\">Camarda<\/a><\/li>\n<li><a href=\"https:\/\/www.lanochedelloro.es\/wp-content\/uploads\/2017\/04\/9aquicamardaMapa.png\">Camarda: mapa<\/a><\/li>\n<\/ul>\n<p>ROCAMORICE<\/p>\n<ul>\n<li><a href=\"https:\/\/www.lanochedelloro.es\/wp-content\/uploads\/2017\/04\/10rocamoriceMapa.png\">Rocamorice: mapa<\/a><\/li>\n<li><a href=\"https:\/\/www.lanochedelloro.es\/wp-content\/uploads\/2017\/04\/11rocamoricePlache.png\">Rocamorice: sector Plache grigie<\/a><\/li>\n<\/ul>\n","protected":false},"excerpt":{"rendered":"<p>CERDE\u00d1A Aguglia Goloritz\u00e9: Easy gymnopedie Biddiriscottai: La vita nuova Figlia di Guglia: Sweet Helen Monte Oddeu: Alfredo Alfredo (rese\u00f1a)\u00a0 (foto) Monte Oddeu: La nostra Svizzera Pedra Longa: Marinaio di foresta Punta Andrea: Arista suroeste Punta Carabidda: Cumbre Punta Cusidore: L&#8217;ombra della mia mano (rese\u00f1a)\u00a0 (foto) Punta Giradili: The old days Surtana: Hirsche platz (rese\u00f1a)\u00a0 (foto) &hellip; <a href=\"https:\/\/www.lanochedelloro.es\/index.php\/italia\/\" class=\"more-link\">Seguir leyendo <span class=\"screen-reader-text\">ITALIA<\/span> <span class=\"meta-nav\">&rarr;<\/span><\/a><\/p>\n","protected":false},"author":1,"featured_media":4521,"parent":0,"menu_order":0,"comment_status":"closed","ping_status":"closed","template":"","meta":{"footnotes":""},"class_list":["post-918","page","type-page","status-publish","has-post-thumbnail","hentry"],"_links":{"self":[{"href":"https:\/\/www.lanochedelloro.es\/index.php\/wp-json\/wp\/v2\/pages\/918","targetHints":{"allow":["GET"]}}],"collection":[{"href":"https:\/\/www.lanochedelloro.es\/index.php\/wp-json\/wp\/v2\/pages"}],"about":[{"href":"https:\/\/www.lanochedelloro.es\/index.php\/wp-json\/wp\/v2\/types\/page"}],"author":[{"embeddable":true,"href":"https:\/\/www.lanochedelloro.es\/index.php\/wp-json\/wp\/v2\/users\/1"}],"replies":[{"embeddable":true,"href":"https:\/\/www.lanochedelloro.es\/index.php\/wp-json\/wp\/v2\/comments?post=918"}],"version-history":[{"count":4,"href":"https:\/\/www.lanochedelloro.es\/index.php\/wp-json\/wp\/v2\/pages\/918\/revisions"}],"predecessor-version":[{"id":5367,"href":"https:\/\/www.lanochedelloro.es\/index.php\/wp-json\/wp\/v2\/pages\/918\/revisions\/5367"}],"wp:featuredmedia":[{"embeddable":true,"href":"https:\/\/www.lanochedelloro.es\/index.php\/wp-json\/wp\/v2\/media\/4521"}],"wp:attachment":[{"href":"https:\/\/www.lanochedelloro.es\/index.php\/wp-json\/wp\/v2\/media?parent=918"}],"curies":[{"name":"wp","href":"https:\/\/api.w.org\/{rel}","templated":true}]}}