{"id":370,"date":"2016-12-29T17:17:16","date_gmt":"2016-12-29T17:17:16","guid":{"rendered":"http:\/\/www.lanochedelloro.es\/?page_id=370"},"modified":"2022-08-10T18:02:27","modified_gmt":"2022-08-10T18:02:27","slug":"terradets-2","status":"publish","type":"page","link":"https:\/\/www.lanochedelloro.es\/index.php\/terradets-2\/","title":{"rendered":"TERRADETS"},"content":{"rendered":"<ul>\n<li><a href=\"https:\/\/www.lanochedelloro.es\/wp-content\/uploads\/2018\/02\/Terradets1MororMap.png\">Castellot de Moror: acceso<\/a><\/li>\n<li><a href=\"https:\/\/www.lanochedelloro.es\/wp-content\/uploads\/2018\/02\/Terradets2MororFoto.jpg\">Castellot de Moror (foto): v\u00edas Normal y Aresta Sud<\/a><\/li>\n<li><a href=\"https:\/\/www.lanochedelloro.es\/wp-content\/uploads\/2018\/02\/Terradets4AumellaFoto.jpg\">El Peladet: Aumella amarganta (foto)<\/a><\/li>\n<li><a href=\"https:\/\/www.lanochedelloro.es\/wp-content\/uploads\/2018\/02\/Terradets5aumella.jpg\">El Peladet. Aumella amarganta (rese\u00f1a)<\/a><\/li>\n<li><a href=\"https:\/\/www.lanochedelloro.es\/wp-content\/uploads\/2017\/03\/1peladetAvimel.png\">El Peladet: L\u2019avi de la mel<\/a><\/li>\n<li><a href=\"https:\/\/www.lanochedelloro.es\/wp-content\/uploads\/2017\/03\/2peladetAvimelfoto.jpg\">El Peladet: L\u2019avi de la mel (foto)<\/a><\/li>\n<li><a href=\"https:\/\/www.lanochedelloro.es\/wp-content\/uploads\/2017\/03\/3peladetSamsara.png\">El Peladet: Samsara<\/a><\/li>\n<li><a href=\"https:\/\/www.lanochedelloro.es\/wp-content\/uploads\/2017\/03\/4peladetSamsarafoto.jpg\">El Peladet: Samsara (foto)<\/a><\/li>\n<li><a href=\"https:\/\/www.lanochedelloro.es\/wp-content\/uploads\/2022\/08\/1PeladetTrets.jpg\">El Peladet: Trets al cor<\/a> (E.Par\u00e9s)<\/li>\n<li><a href=\"https:\/\/www.lanochedelloro.es\/wp-content\/uploads\/2022\/08\/2FRubiesBagassos.jpg\">Feixa de Rub\u00edes: Bagassos<\/a> (M.Puigdom\u00e8nech)<\/li>\n<li><a href=\"https:\/\/www.lanochedelloro.es\/wp-content\/uploads\/2021\/01\/4TerradetsNavegants.jpg\">Feixa de Rub\u00edes: Navegants rondinaires<\/a> (M.Puigdom\u00e8nech)<\/li>\n<li><a href=\"https:\/\/www.lanochedelloro.es\/wp-content\/uploads\/2018\/05\/1bagassescamarillo.jpg\">Paret de les Bagasses: Camarillo Brillo<\/a> (J.C.Guichot)<\/li>\n<li><a href=\"https:\/\/www.lanochedelloro.es\/wp-content\/uploads\/2020\/02\/6BagassesEspero-Vaf.jpg\">Paret de les Bagasses: Esper\u00f3 Vidal-Albir-Farreny<\/a><\/li>\n<li><a href=\"https:\/\/www.lanochedelloro.es\/wp-content\/uploads\/2017\/03\/5bagassesQuovadis.jpg\">Paret de les Bagasses: Quo vadis<\/a> (Galls)<\/li>\n<li><a href=\"https:\/\/www.lanochedelloro.es\/wp-content\/uploads\/2018\/05\/2bagassesquovadis.jpg\">Paret de les Bagasses: Quo vadis<\/a><\/li>\n<li><a href=\"https:\/\/www.lanochedelloro.es\/wp-content\/uploads\/2020\/02\/7BagassesLenticularis.jpg\">Paret de les Bagasses: Lenticularis<\/a><\/li>\n<li><a href=\"https:\/\/www.lanochedelloro.es\/wp-content\/uploads\/2018\/05\/3bagassesSinverguenza.jpg\">Paret de les Bagasses: Sin verg\u00fcenza<\/a> (V.Canadell)<\/li>\n<li><a href=\"https:\/\/www.lanochedelloro.es\/wp-content\/uploads\/2018\/05\/4santbosccops.jpg\">Paret del Sant del Bosc: Cops de silenci<\/a> (D.Fust\u00e9)<\/li>\n<li><a href=\"https:\/\/www.lanochedelloro.es\/wp-content\/uploads\/2018\/05\/5santboscsalvatge-est.jpg\">Paret del Sant del Bosc: Salvatge Est<\/a> (D.Fust\u00e9)<\/li>\n<li><a href=\"https:\/\/www.lanochedelloro.es\/wp-content\/uploads\/2017\/03\/6reginaRibesvidal.png\">Roca Regina: Aresta Ribes-Vidal<\/a><\/li>\n<li><a href=\"https:\/\/www.lanochedelloro.es\/wp-content\/uploads\/2017\/03\/7reginaArnauv.jpg\">Roca Regina: Arnau Vedo<\/a> (J.Chaparro)<\/li>\n<li><a href=\"https:\/\/www.lanochedelloro.es\/wp-content\/uploads\/2017\/03\/8reginaGali.png\">Roca Regina: Gal\u00ed-Molero<\/a><\/li>\n<li><a href=\"https:\/\/www.lanochedelloro.es\/wp-content\/uploads\/2017\/03\/9reginaPerec.png\">Roca Regina: Pere Camins<\/a><\/li>\n<li><a href=\"https:\/\/www.lanochedelloro.es\/wp-content\/uploads\/2018\/05\/6reginatudigembu.jpg\">Roca Regina: Tudiguembu<\/a><\/li>\n<li><a href=\"https:\/\/www.lanochedelloro.es\/wp-content\/uploads\/2018\/05\/7reginaTudiguembu-foto.jpg\">Roca Regina: Tudiguembu (foto)<\/a> (A.Castellet)<\/li>\n<li><a href=\"https:\/\/www.lanochedelloro.es\/wp-content\/uploads\/2017\/03\/10amanitaFoto.jpg\">Sector Amanita: foto<\/a><\/li>\n<li><a href=\"https:\/\/www.lanochedelloro.es\/wp-content\/uploads\/2017\/03\/11amanitaMadre.png\">Sector Amanita: La madre que me pari\u00f3 <\/a>(F.Valverde)<\/li>\n<li><a href=\"https:\/\/www.lanochedelloro.es\/wp-content\/uploads\/2017\/03\/12amanitaDelincuentes.png\">Sector Amanita: Los delincuentes<\/a><\/li>\n<li><a href=\"https:\/\/www.lanochedelloro.es\/wp-content\/uploads\/2017\/03\/13sostreRec.png\">Sostre de Bagasses: Rec<\/a><\/li>\n<li><a href=\"https:\/\/www.lanochedelloro.es\/wp-content\/uploads\/2018\/02\/Terradets3PiconsMap.png\">Tres Picons: acceso<\/a><\/li>\n<\/ul>\n","protected":false},"excerpt":{"rendered":"<p>Castellot de Moror: acceso Castellot de Moror (foto): v\u00edas Normal y Aresta Sud El Peladet: Aumella amarganta (foto) El Peladet. Aumella amarganta (rese\u00f1a) El Peladet: L\u2019avi de la mel El Peladet: L\u2019avi de la mel (foto) El Peladet: Samsara El Peladet: Samsara (foto) El Peladet: Trets al cor (E.Par\u00e9s) Feixa de Rub\u00edes: Bagassos (M.Puigdom\u00e8nech) Feixa &hellip; <a href=\"https:\/\/www.lanochedelloro.es\/index.php\/terradets-2\/\" class=\"more-link\">Seguir leyendo <span class=\"screen-reader-text\">TERRADETS<\/span> <span class=\"meta-nav\">&rarr;<\/span><\/a><\/p>\n","protected":false},"author":1,"featured_media":4540,"parent":0,"menu_order":0,"comment_status":"closed","ping_status":"closed","template":"","meta":{"footnotes":""},"class_list":["post-370","page","type-page","status-publish","has-post-thumbnail","hentry"],"_links":{"self":[{"href":"https:\/\/www.lanochedelloro.es\/index.php\/wp-json\/wp\/v2\/pages\/370","targetHints":{"allow":["GET"]}}],"collection":[{"href":"https:\/\/www.lanochedelloro.es\/index.php\/wp-json\/wp\/v2\/pages"}],"about":[{"href":"https:\/\/www.lanochedelloro.es\/index.php\/wp-json\/wp\/v2\/types\/page"}],"author":[{"embeddable":true,"href":"https:\/\/www.lanochedelloro.es\/index.php\/wp-json\/wp\/v2\/users\/1"}],"replies":[{"embeddable":true,"href":"https:\/\/www.lanochedelloro.es\/index.php\/wp-json\/wp\/v2\/comments?post=370"}],"version-history":[{"count":11,"href":"https:\/\/www.lanochedelloro.es\/index.php\/wp-json\/wp\/v2\/pages\/370\/revisions"}],"predecessor-version":[{"id":5280,"href":"https:\/\/www.lanochedelloro.es\/index.php\/wp-json\/wp\/v2\/pages\/370\/revisions\/5280"}],"wp:featuredmedia":[{"embeddable":true,"href":"https:\/\/www.lanochedelloro.es\/index.php\/wp-json\/wp\/v2\/media\/4540"}],"wp:attachment":[{"href":"https:\/\/www.lanochedelloro.es\/index.php\/wp-json\/wp\/v2\/media?parent=370"}],"curies":[{"name":"wp","href":"https:\/\/api.w.org\/{rel}","templated":true}]}}