{"id":252,"date":"2016-12-20T11:30:51","date_gmt":"2016-12-20T11:30:51","guid":{"rendered":"http:\/\/www.lanochedelloro.es\/?page_id=252"},"modified":"2025-06-09T14:18:17","modified_gmt":"2025-06-09T14:18:17","slug":"agulles","status":"publish","type":"page","link":"https:\/\/www.lanochedelloro.es\/index.php\/agulles\/","title":{"rendered":"AGULLES"},"content":{"rendered":"<ul>\n<li><a href=\"https:\/\/www.lanochedelloro.es\/wp-content\/uploads\/2018\/07\/1agullesMap.jpg\">Agulles: mapa<\/a><\/li>\n<li><a href=\"https:\/\/www.lanochedelloro.es\/wp-content\/uploads\/2017\/04\/1arbretVsoto.jpg\">Agulla de l\u2019Arbret: Vicen\u00e7 Soto i Cervell\u00f3<\/a> (Germans Mas\u00f3)<\/li>\n<li><a href=\"https:\/\/www.lanochedelloro.es\/wp-content\/uploads\/2018\/07\/2badadaPandemonium.jpg\">Agulla de la Badada: Pandemonium<\/a> (D. Hita)<\/li>\n<li><a href=\"https:\/\/www.lanochedelloro.es\/wp-content\/uploads\/2017\/04\/2foradadaMairena.jpg\">Agulla de la Foradada: Carmen de Mairena<\/a> (D.Hita)<\/li>\n<li><a href=\"https:\/\/www.lanochedelloro.es\/wp-content\/uploads\/2017\/04\/3foradadaEspnord.png\">Agulla de la Foradada: Esper\u00f3 nord<\/a> (D.Hita)<\/li>\n<li><a href=\"https:\/\/www.lanochedelloro.es\/wp-content\/uploads\/2017\/04\/4capdamuntRetorn.png\">Agulla del Capdamunt: El retorn del sioux<\/a> (J.Vidal)<\/li>\n<li><a href=\"https:\/\/www.lanochedelloro.es\/wp-content\/uploads\/2018\/07\/3capdavallMarpa.jpg\">Agulla del Capdavall: Marpa<\/a> (G. M\u00e1\u00f1ez)<\/li>\n<li><a href=\"https:\/\/www.lanochedelloro.es\/wp-content\/uploads\/2017\/04\/5solViking.png\">Agulla del Sol Ponent: Viking<\/a> (J.Vidal)<\/li>\n<li><a href=\"https:\/\/www.lanochedelloro.es\/wp-content\/uploads\/2017\/04\/6ossosAvis.png\">Agulla dels Ossos: Avis<\/a><\/li>\n<li><a href=\"https:\/\/www.lanochedelloro.es\/wp-content\/uploads\/2017\/04\/7ossosMontoya.png\">Agulla dels Ossos: Montoya-Picazo<\/a><\/li>\n<li><a href=\"https:\/\/www.lanochedelloro.es\/wp-content\/uploads\/2017\/04\/8ossosBatalle.png\">Agulla dels Ossos: Oriol Batall\u00e9<\/a><\/li>\n<li><a href=\"https:\/\/www.lanochedelloro.es\/wp-content\/uploads\/2017\/04\/9CapetaApeles.png\">Agulla Ignasi Capeta: Apeles crack<\/a> (D.Hita)<\/li>\n<li><a href=\"https:\/\/www.lanochedelloro.es\/wp-content\/uploads\/2017\/04\/10capetaPeppar.jpg\">Agulla Ignasi Capeta: Pepparkakor<\/a> (D.Hita)<\/li>\n<li><a href=\"https:\/\/www.lanochedelloro.es\/wp-content\/uploads\/2017\/04\/11garciaIroquesos.png\">Agulla Manolito Garc\u00eda: Iroquesos<\/a> (J.Vidal)<\/li>\n<li><a href=\"https:\/\/www.lanochedelloro.es\/wp-content\/uploads\/2017\/04\/12garciaMaster.jpg\">Agulla Manolito Garc\u00eda: Master and commander<\/a> (Germans Mas\u00f3)<\/li>\n<li><a href=\"https:\/\/www.lanochedelloro.es\/wp-content\/uploads\/2025\/06\/1ver.jpg\">Cap de l&#8217;Arc: Verdaguer-Sasot<\/a> (E.Tous)<\/li>\n<li><a href=\"https:\/\/www.lanochedelloro.es\/wp-content\/uploads\/2017\/04\/13cnordCalidonia.jpg\">Cara Nord: Calid\u00f2nia<\/a> (D.Hita)<\/li>\n<li><a href=\"https:\/\/www.lanochedelloro.es\/wp-content\/uploads\/2017\/04\/14cnordDansburg.jpg\">Cara Nord: Dansburg<\/a> (D.Hita)<\/li>\n<li><a href=\"https:\/\/www.lanochedelloro.es\/wp-content\/uploads\/2018\/07\/4nordOberta.jpg\">Cara Nord: La que no estava oberta<\/a> (Xac\u00f3)<\/li>\n<li><a href=\"https:\/\/www.lanochedelloro.es\/wp-content\/uploads\/2017\/04\/15cnorByron.png\">Cara Nord: Lord Byron<\/a> (D.Hita)<\/li>\n<li><a href=\"https:\/\/www.lanochedelloro.es\/wp-content\/uploads\/2017\/04\/16santpauZigzag.jpg\">Contrafort de Sant Pau Vell: Zig-zag<\/a> (Germans Mas\u00f3)<\/li>\n<li><a href=\"https:\/\/www.lanochedelloro.es\/wp-content\/uploads\/2017\/04\/17guerrerVarias1.jpg\">El Cap de Guerrer: Varias 1 <\/a>(P.Forts)<\/li>\n<li><a href=\"https:\/\/www.lanochedelloro.es\/wp-content\/uploads\/2017\/04\/18guerrerVarias2.png\">El Cap de Guerrer: Varias 2<\/a><\/li>\n<li><a href=\"https:\/\/www.lanochedelloro.es\/wp-content\/uploads\/2017\/04\/19guerrerNormal.png\">El Cap de Guerrer: V\u00eda normal y pitonisses<\/a><\/li>\n<li><a href=\"https:\/\/www.lanochedelloro.es\/wp-content\/uploads\/2017\/04\/20carbassoBananas.png\">El Carbass\u00f3: Aresta bananas<\/a><\/li>\n<li><a href=\"https:\/\/www.lanochedelloro.es\/wp-content\/uploads\/2017\/04\/21datilBrucs.png\">El D\u00e0til: Aresta Brucs<\/a><\/li>\n<li><a href=\"https:\/\/www.lanochedelloro.es\/wp-content\/uploads\/2017\/04\/22datilBaco.jpg\">El D\u00e0til: El bacon del d\u00e0til<\/a><\/li>\n<li><a href=\"https:\/\/www.lanochedelloro.es\/wp-content\/uploads\/2017\/04\/23datilCinto.png\">El D\u00e0til: Moss\u00e8n Cinto y Spirulina<\/a><\/li>\n<li><a href=\"https:\/\/www.lanochedelloro.es\/wp-content\/uploads\/2017\/04\/24dumboAgradable.png\">El Dumbo: Agradable sobremesa con una japonesa<\/a><\/li>\n<li><a href=\"https:\/\/www.lanochedelloro.es\/wp-content\/uploads\/2017\/04\/25dumboBrucs.png\">El Dumbo: Aresta Brucs<\/a><\/li>\n<li><a href=\"https:\/\/www.lanochedelloro.es\/wp-content\/uploads\/2017\/04\/26dumboNuvols.png\">El Dumbo: Esper\u00f3 dels n\u00favols<\/a><\/li>\n<li><a href=\"https:\/\/www.lanochedelloro.es\/wp-content\/uploads\/2017\/04\/27gallaretBoixos.jpg\">El Gallaret: Boixos nois<\/a> (D.Hita)<\/li>\n<li><a href=\"https:\/\/www.lanochedelloro.es\/wp-content\/uploads\/2017\/04\/28martellColiflores.png\">El Martell: Diedro de las coliflores<\/a><\/li>\n<li><a href=\"https:\/\/www.lanochedelloro.es\/wp-content\/uploads\/2017\/04\/29martellSe\u00f1or.png\">El Martell: El se\u00f1or oscuro<\/a><\/li>\n<li><a href=\"https:\/\/www.lanochedelloro.es\/wp-content\/uploads\/2017\/04\/30pinguiHallo.png\">El Ping\u00fc\u00ed: Hallo, Harry<\/a><span style=\"color: #008000;\">! <span style=\"color: #000000;\">(X.Vidal)<\/span><\/span><\/li>\n<li><a href=\"https:\/\/www.lanochedelloro.es\/wp-content\/uploads\/2017\/04\/31pinguiSindrome.png\">El Ping\u00fc\u00ed: S\u00edndrome de abstinencia<\/a><\/li>\n<li><a href=\"https:\/\/www.lanochedelloro.es\/wp-content\/uploads\/2017\/04\/32escorpiRapsodian.jpg\">L\u2019Escorp\u00ed: Rapsodian<\/a> (D.Hita)<\/li>\n<li><a href=\"https:\/\/www.lanochedelloro.es\/wp-content\/uploads\/2017\/04\/33escorpiTerry.jpg\">L\u2019Escorp\u00ed: Terry<\/a> (Germans Mas\u00f3)<\/li>\n<li><a href=\"https:\/\/www.lanochedelloro.es\/wp-content\/uploads\/2017\/04\/34banderetaMaluta.png\">La Bandereta: Directa del Maluta<\/a> (D.Brugarolas)<\/li>\n<li><a href=\"https:\/\/www.lanochedelloro.es\/wp-content\/uploads\/2017\/04\/35bessonaiAntibeibi.png\">La Bessona Inferior: Antibeibi<\/a><\/li>\n<li><a href=\"https:\/\/www.lanochedelloro.es\/wp-content\/uploads\/2017\/04\/36bessonaiPicazo.png\">La Bessona Inferior: Antonio Garc\u00eda Picazo<\/a><\/li>\n<li><a href=\"https:\/\/www.lanochedelloro.es\/wp-content\/uploads\/2017\/04\/37bessonaiBaby.png\">La Bessona Inferior: Baby<\/a><\/li>\n<li><a href=\"https:\/\/www.lanochedelloro.es\/wp-content\/uploads\/2017\/04\/38bessonasVamal.png\">La Bessona Superior: Hay algo aqu\u00ed que va mal<\/a><\/li>\n<li><a href=\"https:\/\/www.lanochedelloro.es\/wp-content\/uploads\/2017\/04\/39bitllaBluesnake.png\">La Bitlla: Bluesnake<\/a><\/li>\n<li><a href=\"https:\/\/www.lanochedelloro.es\/wp-content\/uploads\/2017\/04\/40bitllaMantonia.png\">La Bitlla: Maria Ant\u00f2nia<\/a><\/li>\n<li><a href=\"https:\/\/www.lanochedelloro.es\/wp-content\/uploads\/2017\/04\/41bitllaSanisaias.png\">La Bitlla: San Isa\u00edas<\/a><\/li>\n<li><a href=\"https:\/\/www.lanochedelloro.es\/wp-content\/uploads\/2017\/04\/42bitllaVarias.png\">La Bitlla: Varias<\/a><\/li>\n<li><a href=\"https:\/\/www.lanochedelloro.es\/wp-content\/uploads\/2017\/04\/43bolapartioJordi.png\">La Bola de la Parti\u00f3: V\u00eda d\u2019en Jordi<\/a><\/li>\n<li><a href=\"https:\/\/www.lanochedelloro.es\/wp-content\/uploads\/2017\/04\/44boterudaCanem.jpg\">La Boteruda: Del c\u00e0nem al perl\u00f3<\/a> (Germans Mas\u00f3)<\/li>\n<li><a href=\"https:\/\/www.lanochedelloro.es\/wp-content\/uploads\/2018\/07\/5carnavalZen.jpg\">La Carnavalada: Zen. La Boteruda del Gra: Silencio<\/a> (G. M\u00e1\u00f1ez)<\/li>\n<li><a href=\"https:\/\/www.lanochedelloro.es\/wp-content\/uploads\/2017\/04\/45filigranaRatafia.png\">La Filigrana: Rataf\u00eda<\/a><\/li>\n<li><a href=\"https:\/\/www.lanochedelloro.es\/wp-content\/uploads\/2017\/04\/46peladaGam.jpg\">La Pelada: GAM Bages 40 aniversari<\/a> (P.Forts)<\/li>\n<li><a href=\"https:\/\/www.lanochedelloro.es\/wp-content\/uploads\/2017\/04\/47peladaPeterpan.png\">La Pelada: Peter Pan club<\/a> (J.Vidal)<\/li>\n<li><a href=\"https:\/\/www.lanochedelloro.es\/wp-content\/uploads\/2017\/04\/48peludaDelicatesen.jpg\">La Peluda: Delicatessen<\/a> (D.Hita)<\/li>\n<li><a href=\"https:\/\/www.lanochedelloro.es\/wp-content\/uploads\/2018\/07\/7peludaEclipsi.jpg\">La Peluda: Eclipsi de mar<\/a><\/li>\n<li><a href=\"https:\/\/www.lanochedelloro.es\/wp-content\/uploads\/2018\/07\/6peludaRodris.jpg\">La Peluda: Els Rodrigues<\/a><\/li>\n<li><a href=\"https:\/\/www.lanochedelloro.es\/wp-content\/uploads\/2018\/07\/8petitonaToni.jpg\">La Petitona: Toni Comerma<\/a> (E. Sallent)<\/li>\n<li><a href=\"https:\/\/www.lanochedelloro.es\/wp-content\/uploads\/2017\/04\/49portellagEclipse.jpg\">La Portella Gran: Eclipse<\/a> (P.Forts)<\/li>\n<li><a href=\"https:\/\/www.lanochedelloro.es\/wp-content\/uploads\/2018\/07\/9portellaGrial.jpg\">La Portella Gran: El Grial<\/a> (B. Soto)<\/li>\n<li><a href=\"https:\/\/www.lanochedelloro.es\/wp-content\/uploads\/2017\/04\/50portellagFocus.png\">La Portella Gran: Focus<\/a> (P.Forts)<\/li>\n<li><a href=\"https:\/\/www.lanochedelloro.es\/wp-content\/uploads\/2017\/04\/51portellagLaponia.jpg\">La Portella Gran: Lap\u00f2nia<\/a> (P.Forts)<\/li>\n<li><a href=\"https:\/\/www.lanochedelloro.es\/wp-content\/uploads\/2017\/04\/52portellapGam.jpg\">La Portella Petita: Aresta GAM<\/a> (P.Forts)<\/li>\n<li><a href=\"https:\/\/www.lanochedelloro.es\/wp-content\/uploads\/2018\/07\/10reinaAresta.jpg\">La Reina: Aresta Brucs y Dipankara<\/a><\/li>\n<li><a href=\"https:\/\/www.lanochedelloro.es\/wp-content\/uploads\/2017\/04\/53reinaTalcual.png\">La Reina: Tal-cual<\/a> (P.Forts)<\/li>\n<li><a href=\"https:\/\/www.lanochedelloro.es\/wp-content\/uploads\/2017\/04\/54sacagBrucs.png\">La Saca Gran: Aresta Brucs<\/a><\/li>\n<li><a href=\"https:\/\/www.lanochedelloro.es\/wp-content\/uploads\/2017\/04\/55sacagItaca.png\">La Saca Gran: Itaca<\/a><\/li>\n<li><a href=\"https:\/\/www.lanochedelloro.es\/wp-content\/uploads\/2017\/04\/56sacagStephanie.png\">La Saca Gran: Stephanie<\/a><\/li>\n<li><a href=\"https:\/\/www.lanochedelloro.es\/wp-content\/uploads\/2017\/04\/57vespaCerda.png\">La Vespa: Cerd\u00e0<\/a><\/li>\n<li><a href=\"https:\/\/www.lanochedelloro.es\/wp-content\/uploads\/2017\/04\/58vespaPiquete.png\">La Vespa: Juanito Piquete y los mataesquiroles<\/a><\/li>\n<li><a href=\"https:\/\/www.lanochedelloro.es\/wp-content\/uploads\/2017\/04\/59vespaNogaire.png\">La Vespa: No gaire home<\/a><\/li>\n<li><a href=\"https:\/\/www.lanochedelloro.es\/wp-content\/uploads\/2017\/04\/60vespaRecuerdos.png\">La Vespa: Recuerdos del Mundiello<\/a><\/li>\n<li><a href=\"https:\/\/www.lanochedelloro.es\/wp-content\/uploads\/2017\/04\/61vespaSame.png\">La Vespa: SAME<\/a><\/li>\n<li><a href=\"https:\/\/www.lanochedelloro.es\/wp-content\/uploads\/2017\/04\/62savinesTatanka.png\">Les Savines: Tatanka yotanka<\/a> (J.Vidal)<\/li>\n<li><a href=\"https:\/\/www.lanochedelloro.es\/wp-content\/uploads\/2017\/04\/63miradormBallenato.jpg\">Mirador de la Miranda: Ballenato<\/a> (Andreu)<\/li>\n<li><a href=\"https:\/\/www.lanochedelloro.es\/wp-content\/uploads\/2017\/04\/64mportellaCec.png\">Miranda de la Portella: CEC<\/a><\/li>\n<li><a href=\"https:\/\/www.lanochedelloro.es\/wp-content\/uploads\/2017\/04\/65mportellaCuchi.jpg\">Miranda de la Portella: Cuchi cuchi<\/a> (P.Forts)<\/li>\n<li><a href=\"https:\/\/www.lanochedelloro.es\/wp-content\/uploads\/2017\/04\/66mboiguesHiwatta.png\">Miranda de les Bo\u00efgues: Hiwatta<\/a><\/li>\n<li><a href=\"https:\/\/www.lanochedelloro.es\/wp-content\/uploads\/2017\/04\/67mboiguesJosolam.png\">Miranda de les Bo\u00efgues: Josolami<\/a> (J.Giraut)<\/li>\n<li><a href=\"https:\/\/www.lanochedelloro.es\/wp-content\/uploads\/2017\/04\/68mboiguesPanoramico.png\">Miranda de les Bo\u00efgues: Panor\u00e1mico<\/a><\/li>\n<li><a href=\"https:\/\/www.lanochedelloro.es\/wp-content\/uploads\/2017\/04\/69mossosIntegral.jpg\">Miranda dels Ossos: Integral gran diedre d\u2019agulles<\/a> (D.Hita)<\/li>\n<li><a href=\"https:\/\/www.lanochedelloro.es\/wp-content\/uploads\/2017\/04\/70mossosRuta69.png\">Miranda dels Ossos: Ruta 69<\/a> (D.Hita)<\/li>\n<li><a href=\"https:\/\/www.lanochedelloro.es\/wp-content\/uploads\/2017\/04\/71pallersGuarda.jpg\">Pallers Free: Resguarda\u2019m del guarda<\/a><\/li>\n<li><a href=\"https:\/\/www.lanochedelloro.es\/wp-content\/uploads\/2017\/04\/72pedestalmJimmy.png\">Pedestal del Martell: Jimmy Jazz<\/a><\/li>\n<li><a href=\"https:\/\/www.lanochedelloro.es\/wp-content\/uploads\/2017\/04\/73pedestalmVarias.png\">Pedestal del Martell: Varias<\/a><\/li>\n<li><a href=\"https:\/\/www.lanochedelloro.es\/wp-content\/uploads\/2017\/04\/74partioVendrell.png\">Roca de la Parti\u00f3: Vendrell<\/a><\/li>\n<li><a href=\"https:\/\/www.lanochedelloro.es\/wp-content\/uploads\/2017\/04\/75vuitPaklenica.png\">Roca de les Vuit: Paklenica<\/a> (J.Vidal)<\/li>\n<li><a href=\"https:\/\/www.lanochedelloro.es\/wp-content\/uploads\/2017\/04\/76tresCherokee.jpg\">Roca dels tres: Cherokee<\/a> (J.Vidal)<\/li>\n<li><a href=\"https:\/\/www.lanochedelloro.es\/wp-content\/uploads\/2017\/04\/77veteransBrucs.png\">Roca dels Veterans y Roca de la Montse: Aresta Brucs<\/a><\/li>\n<li><a href=\"https:\/\/www.lanochedelloro.es\/wp-content\/uploads\/2017\/04\/78dolsaVacances.png\">Roca Dol\u00e7a: Vacances frustrades y M\u00aa Llu\u00efsa<\/a><\/li>\n<li><a href=\"https:\/\/www.lanochedelloro.es\/wp-content\/uploads\/2017\/04\/79mimasAmor.png\">Tocho del Mimas: Amor de cerdo y Espasmerotik<\/a><\/li>\n<li><a href=\"https:\/\/www.lanochedelloro.es\/wp-content\/uploads\/2018\/07\/11totxos.jpg\">Totxos varis<\/a><\/li>\n<\/ul>\n","protected":false},"excerpt":{"rendered":"<p>Agulles: mapa Agulla de l\u2019Arbret: Vicen\u00e7 Soto i Cervell\u00f3 (Germans Mas\u00f3) Agulla de la Badada: Pandemonium (D. Hita) Agulla de la Foradada: Carmen de Mairena (D.Hita) Agulla de la Foradada: Esper\u00f3 nord (D.Hita) Agulla del Capdamunt: El retorn del sioux (J.Vidal) Agulla del Capdavall: Marpa (G. M\u00e1\u00f1ez) Agulla del Sol Ponent: Viking (J.Vidal) Agulla dels &hellip; <a href=\"https:\/\/www.lanochedelloro.es\/index.php\/agulles\/\" class=\"more-link\">Seguir leyendo <span class=\"screen-reader-text\">AGULLES<\/span> <span class=\"meta-nav\">&rarr;<\/span><\/a><\/p>\n","protected":false},"author":1,"featured_media":4470,"parent":0,"menu_order":0,"comment_status":"closed","ping_status":"closed","template":"","meta":{"footnotes":""},"class_list":["post-252","page","type-page","status-publish","has-post-thumbnail","hentry"],"_links":{"self":[{"href":"https:\/\/www.lanochedelloro.es\/index.php\/wp-json\/wp\/v2\/pages\/252","targetHints":{"allow":["GET"]}}],"collection":[{"href":"https:\/\/www.lanochedelloro.es\/index.php\/wp-json\/wp\/v2\/pages"}],"about":[{"href":"https:\/\/www.lanochedelloro.es\/index.php\/wp-json\/wp\/v2\/types\/page"}],"author":[{"embeddable":true,"href":"https:\/\/www.lanochedelloro.es\/index.php\/wp-json\/wp\/v2\/users\/1"}],"replies":[{"embeddable":true,"href":"https:\/\/www.lanochedelloro.es\/index.php\/wp-json\/wp\/v2\/comments?post=252"}],"version-history":[{"count":6,"href":"https:\/\/www.lanochedelloro.es\/index.php\/wp-json\/wp\/v2\/pages\/252\/revisions"}],"predecessor-version":[{"id":5550,"href":"https:\/\/www.lanochedelloro.es\/index.php\/wp-json\/wp\/v2\/pages\/252\/revisions\/5550"}],"wp:featuredmedia":[{"embeddable":true,"href":"https:\/\/www.lanochedelloro.es\/index.php\/wp-json\/wp\/v2\/media\/4470"}],"wp:attachment":[{"href":"https:\/\/www.lanochedelloro.es\/index.php\/wp-json\/wp\/v2\/media?parent=252"}],"curies":[{"name":"wp","href":"https:\/\/api.w.org\/{rel}","templated":true}]}}